{"version":"1.0","provider_name":"Green Care Professional","provider_url":"https:\/\/www.green-care-professional.com\/de","author_name":"hdw-dev","author_url":"https:\/\/www.green-care-professional.com\/de\/author\/hdw-dev\/","title":"Deutscher Umweltpreis 2019 f\u00fcr Reinhard Schneider - Green Care Professional","type":"rich","width":600,"height":338,"html":"<blockquote class=\"wp-embedded-content\" data-secret=\"yJhBrBoLsF\"><a href=\"https:\/\/www.green-care-professional.com\/de\/deutscher-umweltpreis-2019-fuer-reinhard-schneider\/\">Deutscher Umweltpreis 2019 f\u00fcr Reinhard Schneider<\/a><\/blockquote><iframe sandbox=\"allow-scripts\" security=\"restricted\" src=\"https:\/\/www.green-care-professional.com\/de\/deutscher-umweltpreis-2019-fuer-reinhard-schneider\/embed\/#?secret=yJhBrBoLsF\" width=\"600\" height=\"338\" title=\"&#8222;Deutscher Umweltpreis 2019 f\u00fcr Reinhard Schneider&#8220; &#8211; Green Care Professional\" data-secret=\"yJhBrBoLsF\" frameborder=\"0\" marginwidth=\"0\" marginheight=\"0\" scrolling=\"no\" class=\"wp-embedded-content\"><\/iframe><script type=\"text\/javascript\">\n\/* <![CDATA[ *\/\n\/*! This file is auto-generated *\/\n!function(d,l){\"use strict\";l.querySelector&&d.addEventListener&&\"undefined\"!=typeof URL&&(d.wp=d.wp||{},d.wp.receiveEmbedMessage||(d.wp.receiveEmbedMessage=function(e){var t=e.data;if((t||t.secret||t.message||t.value)&&!\/[^a-zA-Z0-9]\/.test(t.secret)){for(var s,r,n,a=l.querySelectorAll('iframe[data-secret=\"'+t.secret+'\"]'),o=l.querySelectorAll('blockquote[data-secret=\"'+t.secret+'\"]'),c=new RegExp(\"^https?:$\",\"i\"),i=0;i<o.length;i++)o[i].style.display=\"none\";for(i=0;i<a.length;i++)s=a[i],e.source===s.contentWindow&&(s.removeAttribute(\"style\"),\"height\"===t.message?(1e3<(r=parseInt(t.value,10))?r=1e3:~~r<200&&(r=200),s.height=r):\"link\"===t.message&&(r=new URL(s.getAttribute(\"src\")),n=new URL(t.value),c.test(n.protocol))&&n.host===r.host&&l.activeElement===s&&(d.top.location.href=t.value))}},d.addEventListener(\"message\",d.wp.receiveEmbedMessage,!1),l.addEventListener(\"DOMContentLoaded\",function(){for(var e,t,s=l.querySelectorAll(\"iframe.wp-embedded-content\"),r=0;r<s.length;r++)(t=(e=s[r]).getAttribute(\"data-secret\"))||(t=Math.random().toString(36).substring(2,12),e.src+=\"#?secret=\"+t,e.setAttribute(\"data-secret\",t)),e.contentWindow.postMessage({message:\"ready\",secret:t},\"*\")},!1)))}(window,document);\n\/\/# sourceURL=https:\/\/www.green-care-professional.com\/de\/wp-includes\/js\/wp-embed.min.js\n\/* ]]> *\/\n<\/script>\n","thumbnail_url":"https:\/\/www.green-care-professional.com\/app\/uploads\/sites\/32\/2020\/09\/gcp-news-umweltpreis.jpg","thumbnail_width":579,"thumbnail_height":576,"description":"Bundespr\u00e4sident Frank-Walter Steinmeier hat die B\u00fcrger aufgefordert, \u201emit mutigen Entscheidungen heute\u201c im Umwelt- und Klimaschutz \u201epositive Wechselwirkungen f\u00fcr morgen\u201c auszul\u00f6sen. \u201eDie Zukunft ist eben nicht vorbestimmt. Es liegt an uns, was wir daraus machen\u201c, sagte er bei der Verleihung des Deutschen Umweltpreises der Deutschen Bundesstiftung Umwelt (DBU) in Mannheim: \u201eDie Plastikflasche, die heute recycelt oder gar nicht erst hergestellt wird, landet morgen nicht in den Weltmeeren. Sie kommt \u00fcbermorgen wieder in den Rohstoffkreislauf. Der Boden, der heute vor der Erosion gesch\u00fctzt wird, bindet Kohlenstoff. Und er kann damit auch morgen noch als Ackerland Menschen ern\u00e4hren.\u201c Steinmeier \u00fcberreichte der Bodenwissenschaftlerin Prof. Dr. Ingrid K\u00f6gel-Knabner von der Technischen Universit\u00e4t M\u00fcnchen und dem Unternehmer Reinhard Schneider (Firma Werner & Mertz, Mainz) den mit insgesamt 500.000 Euro h\u00f6chstdotierten, unabh\u00e4ngigen Umweltpreis Europas."}